{"id":551,"date":"2021-10-23T12:30:32","date_gmt":"2021-10-23T12:30:32","guid":{"rendered":"https:\/\/export.themeruby.com\/tf01\/crypto\/?page_id=551"},"modified":"2023-09-04T16:53:08","modified_gmt":"2023-09-04T16:53:08","slug":"elementor-crypto","status":"publish","type":"page","link":"https:\/\/indicenicaragua.edu.ni\/repositorios\/","title":{"rendered":"Inicio"},"content":{"rendered":"\t\t<div data-elementor-type=\"wp-page\" data-elementor-id=\"551\" class=\"elementor elementor-551\">\n\t\t\t\t\t\t\t\t\t<section class=\"elementor-section elementor-top-section elementor-element elementor-element-f9448a4 elementor-section-boxed elementor-section-height-default elementor-section-height-default\" data-id=\"f9448a4\" data-element_type=\"section\" data-settings=\"{&quot;background_background&quot;:&quot;gradient&quot;}\">\n\t\t\t\t\t\t<div class=\"elementor-container elementor-column-gap-custom\">\n\t\t\t\t\t<div class=\"elementor-column elementor-col-100 elementor-top-column elementor-element elementor-element-63b90c2\" data-id=\"63b90c2\" data-element_type=\"column\">\n\t\t\t<div class=\"elementor-widget-wrap elementor-element-populated\">\n\t\t\t\t\t\t\t\t<div class=\"elementor-element elementor-element-8721401 elementor-widget elementor-widget-fw-feat-13\" data-id=\"8721401\" data-element_type=\"widget\" data-widget_type=\"fw-feat-13.default\">\n\t\t\t\t<div class=\"elementor-widget-container\">\n\t\t\t\t\t<div id=\"uid_8721401\" class=\"block-wrap fw-block fw-feat-13 none-margin\" >\r\n\t\t\t<div class=\"content-wrap\"><div class=\"content-inner\">\r\n\t<div class=\"load-animation\"><\/div><div class=\"rb-owl slider-feat-13 per-load\">\t\t<div class=\"p-wrap p-overlay p-overlay-9 f-gradient post-2244 rb-hf no-avatar\" data-dot=\"ct-nav\">\r\n\t\t\t<div class=\"p-feat\">\r\n\t\t\t\t        <a class=\"p-flink\" href=\"https:\/\/indicenicaragua.edu.ni\/repositorios\/2022\/07\/05\/buenas-practicas-pedagogicas-en-educacion-intercultural-bilingue-en-comunidades-indigenas-y-afrodescendientes-de-la-costa-caribe-nicaraguense\/\" aria-label=\"Buenas pr\u00e1cticas pedag\u00f3gicas en educaci\u00f3n intercultural biling\u00fce en comunidades ind\u00edgenas y afrodescendientes de la Costa Caribe nicarag\u00fcense\">\r\n            <span class=\"rb-iwrap\"><img loading=\"lazy\" decoding=\"async\" width=\"960\" height=\"720\" src=\"https:\/\/indicenicaragua.edu.ni\/repositorios\/wp-content\/uploads\/2022\/07\/Sin-titulo-2.png\" class=\"attachment-pixwell_780x0-2x size-pixwell_780x0-2x wp-post-image\" alt=\"\" \/><\/span> <\/a>\r\n\t\t\t\t\t\t<div class=\"content-overlay is-light-text\">\r\n\t\t\t\t\t<div class=\"rbc-container rb-p20-gutter\">\r\n\t\t\t\t\t\t<div class=\"overlay-holder\">\r\n\t\t\t\t\t\t\t        <aside class=\"p-cat-info is-relative\">\r\n\t\t\t<a class=\"cat-info-el cat-info-id-1\" href=\"https:\/\/indicenicaragua.edu.ni\/repositorios\/category\/sin-categoria\/\" rel=\"category\">Sin categor\u00eda<\/a>        <\/aside>\r\n\t\t                                                            <div class=\"p-header\"><h2 class=\"entry-title h1\">        <a class=\"p-url\" href=\"https:\/\/indicenicaragua.edu.ni\/repositorios\/2022\/07\/05\/buenas-practicas-pedagogicas-en-educacion-intercultural-bilingue-en-comunidades-indigenas-y-afrodescendientes-de-la-costa-caribe-nicaraguense\/\" target=\"_self\" rel=\"bookmark\">Buenas pr\u00e1cticas pedag\u00f3gicas en educaci\u00f3n intercultural biling\u00fce en comunidades ind\u00edgenas y afrodescendientes de la Costa Caribe nicarag\u00fcense<\/a>\r\n\t\t<\/h2><\/div>\r\n                            \t\t\t\t\t\t\t\t\t\t\t\t\t\t<div class=\"p-footer\">\r\n\t\t\t\t\t\t\t\t\t\t\t\t\t\t\t<\/div>\r\n\t\t\t\t\t\t<\/div>\r\n\t\t\t\t\t<\/div>\r\n\t\t\t\t<\/div>\r\n\t\t\t<\/div>\r\n\t\t\t<div class=\"ct-nav\">\r\n\t\t\t\t<div class=\"ct-nav-holder is-light-text\">\r\n\t\t\t\t\t<span class=\"nav-image\"><img loading=\"lazy\" decoding=\"async\" width=\"333\" height=\"250\" src=\"https:\/\/indicenicaragua.edu.ni\/repositorios\/wp-content\/uploads\/2022\/07\/Sin-titulo-2.png\" class=\"rb-no-lazy wp-post-image\" alt=\"\" \/><\/span>\r\n\t\t\t\t\t<p class=\"nav-title h4\">Buenas pr\u00e1cticas pedag\u00f3gicas en educaci\u00f3n intercultural biling\u00fce en comunidades ind\u00edgenas y afrodescendientes de la Costa Caribe nicarag\u00fcense<\/p>\r\n\t\t\t\t\t        <span class=\"p-cat-dot\">\r\n\t\t\t                        <i class=\"cat-dot-el cat-info-id-1\"><\/i>\r\n\t\t\t\t\t\t\t\t<\/span>\r\n\t\t\t\t\t\t<\/div>\r\n\t\t\t<\/div>\r\n\t\t<\/div>\r\n\t\t\t<div class=\"p-wrap p-overlay p-overlay-9 f-gradient post-2242 rb-hf no-avatar\" data-dot=\"ct-nav\">\r\n\t\t\t<div class=\"p-feat\">\r\n\t\t\t\t        <a class=\"p-flink\" href=\"https:\/\/indicenicaragua.edu.ni\/repositorios\/2022\/07\/05\/la-universidad-en-el-campo-alternativa-para-la-continuidad-educativa-en-nicaragua-avances-y-desafios\/\" aria-label=\"La Universidad en el Campo: alternativa para la Continuidad Educativa en Nicaragua. Avances y desaf\u00edos\">\r\n            <span class=\"rb-iwrap\"><img loading=\"lazy\" decoding=\"async\" width=\"960\" height=\"720\" src=\"https:\/\/indicenicaragua.edu.ni\/repositorios\/wp-content\/uploads\/2022\/07\/Sin-titulo-2.png\" class=\"attachment-pixwell_780x0-2x size-pixwell_780x0-2x wp-post-image\" alt=\"\" \/><\/span> <\/a>\r\n\t\t\t\t\t\t<div class=\"content-overlay is-light-text\">\r\n\t\t\t\t\t<div class=\"rbc-container rb-p20-gutter\">\r\n\t\t\t\t\t\t<div class=\"overlay-holder\">\r\n\t\t\t\t\t\t\t        <aside class=\"p-cat-info is-relative\">\r\n\t\t\t<a class=\"cat-info-el cat-info-id-1\" href=\"https:\/\/indicenicaragua.edu.ni\/repositorios\/category\/sin-categoria\/\" rel=\"category\">Sin categor\u00eda<\/a>        <\/aside>\r\n\t\t                                                            <div class=\"p-header\"><h2 class=\"entry-title h1\">        <a class=\"p-url\" href=\"https:\/\/indicenicaragua.edu.ni\/repositorios\/2022\/07\/05\/la-universidad-en-el-campo-alternativa-para-la-continuidad-educativa-en-nicaragua-avances-y-desafios\/\" target=\"_self\" rel=\"bookmark\">La Universidad en el Campo: alternativa para la Continuidad Educativa en Nicaragua. Avances y desaf\u00edos<\/a>\r\n\t\t<\/h2><\/div>\r\n                            \t\t\t\t\t\t\t\t\t\t\t\t\t\t<div class=\"p-footer\">\r\n\t\t\t\t\t\t\t\t\t\t\t\t\t\t\t<\/div>\r\n\t\t\t\t\t\t<\/div>\r\n\t\t\t\t\t<\/div>\r\n\t\t\t\t<\/div>\r\n\t\t\t<\/div>\r\n\t\t\t<div class=\"ct-nav\">\r\n\t\t\t\t<div class=\"ct-nav-holder is-light-text\">\r\n\t\t\t\t\t<span class=\"nav-image\"><img loading=\"lazy\" decoding=\"async\" width=\"333\" height=\"250\" src=\"https:\/\/indicenicaragua.edu.ni\/repositorios\/wp-content\/uploads\/2022\/07\/Sin-titulo-2.png\" class=\"rb-no-lazy wp-post-image\" alt=\"\" \/><\/span>\r\n\t\t\t\t\t<p class=\"nav-title h4\">La Universidad en el Campo: alternativa para la Continuidad Educativa en Nicaragua. Avances y desaf\u00edos<\/p>\r\n\t\t\t\t\t        <span class=\"p-cat-dot\">\r\n\t\t\t                        <i class=\"cat-dot-el cat-info-id-1\"><\/i>\r\n\t\t\t\t\t\t\t\t<\/span>\r\n\t\t\t\t\t\t<\/div>\r\n\t\t\t<\/div>\r\n\t\t<\/div>\r\n\t\t\t<div class=\"p-wrap p-overlay p-overlay-9 f-gradient post-2240 rb-hf no-avatar\" data-dot=\"ct-nav\">\r\n\t\t\t<div class=\"p-feat\">\r\n\t\t\t\t        <a class=\"p-flink\" href=\"https:\/\/indicenicaragua.edu.ni\/repositorios\/2022\/07\/05\/programa-de-educacion-tecnica-en-el-campo-una-estrategia-social-para-las-familias-productoras-de-las-zonas-rurales\/\" aria-label=\"Programa de Educaci\u00f3n T\u00e9cnica en el Campo: Una estrategia social para las familias productoras de las zonas rurales\">\r\n            <span class=\"rb-iwrap\"><img loading=\"lazy\" decoding=\"async\" width=\"960\" height=\"720\" src=\"https:\/\/indicenicaragua.edu.ni\/repositorios\/wp-content\/uploads\/2022\/07\/Sin-titulo-2.png\" class=\"attachment-pixwell_780x0-2x size-pixwell_780x0-2x wp-post-image\" alt=\"\" \/><\/span> <\/a>\r\n\t\t\t\t\t\t<div class=\"content-overlay is-light-text\">\r\n\t\t\t\t\t<div class=\"rbc-container rb-p20-gutter\">\r\n\t\t\t\t\t\t<div class=\"overlay-holder\">\r\n\t\t\t\t\t\t\t        <aside class=\"p-cat-info is-relative\">\r\n\t\t\t<a class=\"cat-info-el cat-info-id-1\" href=\"https:\/\/indicenicaragua.edu.ni\/repositorios\/category\/sin-categoria\/\" rel=\"category\">Sin categor\u00eda<\/a>        <\/aside>\r\n\t\t                                                            <div class=\"p-header\"><h2 class=\"entry-title h1\">        <a class=\"p-url\" href=\"https:\/\/indicenicaragua.edu.ni\/repositorios\/2022\/07\/05\/programa-de-educacion-tecnica-en-el-campo-una-estrategia-social-para-las-familias-productoras-de-las-zonas-rurales\/\" target=\"_self\" rel=\"bookmark\">Programa de Educaci\u00f3n T\u00e9cnica en el Campo: Una estrategia social para las familias productoras de las zonas rurales<\/a>\r\n\t\t<\/h2><\/div>\r\n                            \t\t\t\t\t\t\t\t\t\t\t\t\t\t<div class=\"p-footer\">\r\n\t\t\t\t\t\t\t\t\t\t\t\t\t\t\t<\/div>\r\n\t\t\t\t\t\t<\/div>\r\n\t\t\t\t\t<\/div>\r\n\t\t\t\t<\/div>\r\n\t\t\t<\/div>\r\n\t\t\t<div class=\"ct-nav\">\r\n\t\t\t\t<div class=\"ct-nav-holder is-light-text\">\r\n\t\t\t\t\t<span class=\"nav-image\"><img loading=\"lazy\" decoding=\"async\" width=\"333\" height=\"250\" src=\"https:\/\/indicenicaragua.edu.ni\/repositorios\/wp-content\/uploads\/2022\/07\/Sin-titulo-2.png\" class=\"rb-no-lazy wp-post-image\" alt=\"\" \/><\/span>\r\n\t\t\t\t\t<p class=\"nav-title h4\">Programa de Educaci\u00f3n T\u00e9cnica en el Campo: Una estrategia social para las familias productoras de las zonas rurales<\/p>\r\n\t\t\t\t\t        <span class=\"p-cat-dot\">\r\n\t\t\t                        <i class=\"cat-dot-el cat-info-id-1\"><\/i>\r\n\t\t\t\t\t\t\t\t<\/span>\r\n\t\t\t\t\t\t<\/div>\r\n\t\t\t<\/div>\r\n\t\t<\/div>\r\n\t\t\t<div class=\"p-wrap p-overlay p-overlay-9 f-gradient post-2238 rb-hf no-avatar\" data-dot=\"ct-nav\">\r\n\t\t\t<div class=\"p-feat\">\r\n\t\t\t\t        <a class=\"p-flink\" href=\"https:\/\/indicenicaragua.edu.ni\/repositorios\/2022\/07\/05\/secundaria-a-distancia-en-el-campo-en-el-campo-un-espacio-para-crecer-en-el-bien-comun-desde-la-comunidad-y-para-la-comunidad\/\" aria-label=\"Secundaria a Distancia en el Campo: en el Campo: un espacio para crecer en el bien com\u00fan desde la comunidad y para la comunidad\">\r\n            <span class=\"rb-iwrap\"><img loading=\"lazy\" decoding=\"async\" width=\"960\" height=\"720\" src=\"https:\/\/indicenicaragua.edu.ni\/repositorios\/wp-content\/uploads\/2022\/07\/Sin-titulo-2.png\" class=\"attachment-pixwell_780x0-2x size-pixwell_780x0-2x wp-post-image\" alt=\"\" \/><\/span> <\/a>\r\n\t\t\t\t\t\t<div class=\"content-overlay is-light-text\">\r\n\t\t\t\t\t<div class=\"rbc-container rb-p20-gutter\">\r\n\t\t\t\t\t\t<div class=\"overlay-holder\">\r\n\t\t\t\t\t\t\t        <aside class=\"p-cat-info is-relative\">\r\n\t\t\t<a class=\"cat-info-el cat-info-id-1\" href=\"https:\/\/indicenicaragua.edu.ni\/repositorios\/category\/sin-categoria\/\" rel=\"category\">Sin categor\u00eda<\/a>        <\/aside>\r\n\t\t                                                            <div class=\"p-header\"><h2 class=\"entry-title h1\">        <a class=\"p-url\" href=\"https:\/\/indicenicaragua.edu.ni\/repositorios\/2022\/07\/05\/secundaria-a-distancia-en-el-campo-en-el-campo-un-espacio-para-crecer-en-el-bien-comun-desde-la-comunidad-y-para-la-comunidad\/\" target=\"_self\" rel=\"bookmark\">Secundaria a Distancia en el Campo: en el Campo: un espacio para crecer en el bien com\u00fan desde la comunidad y para la comunidad<\/a>\r\n\t\t<\/h2><\/div>\r\n                            \t\t\t\t\t\t\t\t\t\t\t\t\t\t<div class=\"p-footer\">\r\n\t\t\t\t\t\t\t\t\t\t\t\t\t\t\t<\/div>\r\n\t\t\t\t\t\t<\/div>\r\n\t\t\t\t\t<\/div>\r\n\t\t\t\t<\/div>\r\n\t\t\t<\/div>\r\n\t\t\t<div class=\"ct-nav\">\r\n\t\t\t\t<div class=\"ct-nav-holder is-light-text\">\r\n\t\t\t\t\t<span class=\"nav-image\"><img loading=\"lazy\" decoding=\"async\" width=\"333\" height=\"250\" src=\"https:\/\/indicenicaragua.edu.ni\/repositorios\/wp-content\/uploads\/2022\/07\/Sin-titulo-2.png\" class=\"rb-no-lazy wp-post-image\" alt=\"\" \/><\/span>\r\n\t\t\t\t\t<p class=\"nav-title h4\">Secundaria a Distancia en el Campo: en el Campo: un espacio para crecer en el bien com\u00fan desde la comunidad y para la comunidad<\/p>\r\n\t\t\t\t\t        <span class=\"p-cat-dot\">\r\n\t\t\t                        <i class=\"cat-dot-el cat-info-id-1\"><\/i>\r\n\t\t\t\t\t\t\t\t<\/span>\r\n\t\t\t\t\t\t<\/div>\r\n\t\t\t<\/div>\r\n\t\t<\/div>\r\n\t<\/div>\t\t<\/div>\r\n\t\t<\/div>\r\n\t<\/div>\t\t<\/div>\n\t\t\t\t<\/div>\n\t\t\t\t<div class=\"elementor-element elementor-element-843fd14 elementor-widget elementor-widget-fw-grid-1\" data-id=\"843fd14\" data-element_type=\"widget\" data-widget_type=\"fw-grid-1.default\">\n\t\t\t\t<div class=\"elementor-widget-container\">\n\t\t\t\t\t<div id=\"uid_843fd14\" class=\"block-wrap fw-block fw-grid-1 is-light-text\" >\r\n\t\t\t<header class=\"block-header\">\r\n\t\t\t\t\t\t\t<h2 class=\"block-title h3\">Destacados<\/h2>\r\n\t\t\t\t\t\t\t\t<\/header>\r\n\t\t\t<div class=\"content-wrap\"><div class=\"content-inner rb-row rb-n20-gutter\">\r\n\t<div class=\"rb-p20-gutter rb-col-m12 rb-col-t4\">\t\t<div class=\"p-wrap p-grid p-grid-1 post-2107 no-avatar\">\r\n\t\t\t\t\t\t\t<div class=\"p-feat-holder\">\r\n\t\t\t\t\t<div class=\"p-feat\">\r\n\t\t\t\t\t\t        <a class=\"p-flink\" href=\"https:\/\/indicenicaragua.edu.ni\/repositorios\/2021\/03\/24\/la-gestion-del-curriculo-por-competencias-en-las-instituciones-de-educacion-superior\/\" aria-label=\"La Gesti\u00f3n del Curr\u00edculo por Competencias en las Instituciones de Educaci\u00f3n Superior\">\r\n            <span class=\"rb-iwrap\"><img loading=\"lazy\" decoding=\"async\" width=\"333\" height=\"250\" src=\"https:\/\/indicenicaragua.edu.ni\/repositorios\/wp-content\/uploads\/2022\/07\/Sin-titulo-2.png\" class=\"attachment-pixwell_370x250 size-pixwell_370x250 wp-post-image\" alt=\"\" \/><\/span> <\/a>\r\n\t\t        <aside class=\"p-cat-info is-absolute\">\r\n\t\t\t<a class=\"cat-info-el cat-info-id-43\" href=\"https:\/\/indicenicaragua.edu.ni\/repositorios\/category\/articulos-cientificos\/\" rel=\"category\">Art\u00edculos Cient\u00edficos<\/a><a class=\"cat-info-el cat-info-id-44\" href=\"https:\/\/indicenicaragua.edu.ni\/repositorios\/category\/cnu\/\" rel=\"category\">CNU<\/a>        <\/aside>\r\n\t\t\t\t\t\t\t<\/div>\r\n\t\t\t\t\t\t\t\t\t<\/div>\r\n\t\t\t\t\t\t<div class=\"p-header\"><h3 class=\"entry-title\">        <a class=\"p-url\" href=\"https:\/\/indicenicaragua.edu.ni\/repositorios\/2021\/03\/24\/la-gestion-del-curriculo-por-competencias-en-las-instituciones-de-educacion-superior\/\" target=\"_self\" rel=\"bookmark\">La Gesti\u00f3n del Curr\u00edculo por Competencias en las Instituciones de Educaci\u00f3n Superior<\/a>\r\n\t\t<span class=\"read-it-later bookmark-item\"  data-title=\"Leer m\u00e1s Tarde\" data-bookmarkid=\"2107\"><i class=\"rbi rbi-bookmark\" aria-hidden=\"true\"><\/i><\/span>\r\n\t<\/h3><\/div>\r\n\t\t\t                <p class=\"entry-summary\">Leer art\u00edculo completo                        <span class=\"summary-dot\">...<\/span><\/p>\r\n\t\t\t\t\t\t<div class=\"p-footer\">\r\n\t\t\t\t        <a class=\"btn p-link\" aria-label=\"La Gesti\u00f3n del Curr\u00edculo por Competencias en las Instituciones de Educaci\u00f3n Superior\" href=\"https:\/\/indicenicaragua.edu.ni\/repositorios\/2021\/03\/24\/la-gestion-del-curriculo-por-competencias-en-las-instituciones-de-educacion-superior\/\"><span>Leer m\u00e1s<\/span><i class=\"rbi rbi-arrow-right\" aria-hidden=\"true\"><\/i><\/a>\r\n\t\t\t\t\t<\/div>\r\n\t\t<\/div>\r\n\t<\/div><div class=\"rb-p20-gutter rb-col-m12 rb-col-t4\">\t\t<div class=\"p-wrap p-grid p-grid-1 post-2059 no-avatar\">\r\n\t\t\t\t\t\t\t<div class=\"p-feat-holder\">\r\n\t\t\t\t\t<div class=\"p-feat\">\r\n\t\t\t\t\t\t        <a class=\"p-flink\" href=\"https:\/\/indicenicaragua.edu.ni\/repositorios\/2021\/03\/23\/el-traba-jo-en-grupo-como-generador-de-estres-academico-una-mirada-a-la-experiencia-de-estudiantes-de-pregrado-de-la-unan-managua-contexto-y-propuesta\/\" aria-label=\"El trabajo en Grupo, como generador de estr\u00e9s acad\u00e9mico: Una mirada a la experiencia de estudiantes de pregrado de la UNAN-Managua. Contexto y propuesta\">\r\n            <span class=\"rb-iwrap\"><img loading=\"lazy\" decoding=\"async\" width=\"333\" height=\"250\" src=\"https:\/\/indicenicaragua.edu.ni\/repositorios\/wp-content\/uploads\/2022\/07\/Sin-titulo-2.png\" class=\"attachment-pixwell_370x250 size-pixwell_370x250 wp-post-image\" alt=\"\" \/><\/span> <\/a>\r\n\t\t        <aside class=\"p-cat-info is-absolute\">\r\n\t\t\t<a class=\"cat-info-el cat-info-id-43\" href=\"https:\/\/indicenicaragua.edu.ni\/repositorios\/category\/articulos-cientificos\/\" rel=\"category\">Art\u00edculos Cient\u00edficos<\/a><a class=\"cat-info-el cat-info-id-44\" href=\"https:\/\/indicenicaragua.edu.ni\/repositorios\/category\/cnu\/\" rel=\"category\">CNU<\/a>        <\/aside>\r\n\t\t\t\t\t\t\t<\/div>\r\n\t\t\t\t\t\t\t\t\t<\/div>\r\n\t\t\t\t\t\t<div class=\"p-header\"><h3 class=\"entry-title\">        <a class=\"p-url\" href=\"https:\/\/indicenicaragua.edu.ni\/repositorios\/2021\/03\/23\/el-traba-jo-en-grupo-como-generador-de-estres-academico-una-mirada-a-la-experiencia-de-estudiantes-de-pregrado-de-la-unan-managua-contexto-y-propuesta\/\" target=\"_self\" rel=\"bookmark\">El trabajo en Grupo, como generador de estr\u00e9s acad\u00e9mico: Una mirada a la experiencia de estudiantes de pregrado de la UNAN-Managua. Contexto y propuesta<\/a>\r\n\t\t<span class=\"read-it-later bookmark-item\"  data-title=\"Leer m\u00e1s Tarde\" data-bookmarkid=\"2059\"><i class=\"rbi rbi-bookmark\" aria-hidden=\"true\"><\/i><\/span>\r\n\t<\/h3><\/div>\r\n\t\t\t                <p class=\"entry-summary\">Leer art\u00edculo completo                        <span class=\"summary-dot\">...<\/span><\/p>\r\n\t\t\t\t\t\t<div class=\"p-footer\">\r\n\t\t\t\t        <a class=\"btn p-link\" aria-label=\"El trabajo en Grupo, como generador de estr\u00e9s acad\u00e9mico: Una mirada a la experiencia de estudiantes de pregrado de la UNAN-Managua. Contexto y propuesta\" href=\"https:\/\/indicenicaragua.edu.ni\/repositorios\/2021\/03\/23\/el-traba-jo-en-grupo-como-generador-de-estres-academico-una-mirada-a-la-experiencia-de-estudiantes-de-pregrado-de-la-unan-managua-contexto-y-propuesta\/\"><span>Leer m\u00e1s<\/span><i class=\"rbi rbi-arrow-right\" aria-hidden=\"true\"><\/i><\/a>\r\n\t\t\t\t\t<\/div>\r\n\t\t<\/div>\r\n\t<\/div><div class=\"rb-p20-gutter rb-col-m12 rb-col-t4\">\t\t<div class=\"p-wrap p-grid p-grid-1 post-2206 no-avatar\">\r\n\t\t\t\t\t\t\t<div class=\"p-feat-holder\">\r\n\t\t\t\t\t<div class=\"p-feat\">\r\n\t\t\t\t\t\t        <a class=\"p-flink\" href=\"https:\/\/indicenicaragua.edu.ni\/repositorios\/2021\/09\/03\/estrategia-para-innovar-la-expresion-escrita-a-traves-del-modelo-de-aprendizaje-por-esquemas\/\" aria-label=\"Estrategia para innovar la expresi\u00f3n escrita a trav\u00e9s del modelo de aprendizaje por esquemas.\">\r\n            <span class=\"rb-iwrap\"><img loading=\"lazy\" decoding=\"async\" width=\"333\" height=\"250\" src=\"https:\/\/indicenicaragua.edu.ni\/repositorios\/wp-content\/uploads\/2022\/07\/Sin-titulo-2.png\" class=\"attachment-pixwell_370x250 size-pixwell_370x250 wp-post-image\" alt=\"\" \/><\/span> <\/a>\r\n\t\t        <aside class=\"p-cat-info is-absolute\">\r\n\t\t\t<a class=\"cat-info-el cat-info-id-51\" href=\"https:\/\/indicenicaragua.edu.ni\/repositorios\/category\/aprendizaje-permanente-y-para-la-vida\/\" rel=\"category\">Aprendizaje Permanente y para la vida<\/a>        <\/aside>\r\n\t\t\t\t\t\t\t<\/div>\r\n\t\t\t\t\t\t\t\t\t<\/div>\r\n\t\t\t\t\t\t<div class=\"p-header\"><h3 class=\"entry-title\">        <a class=\"p-url\" href=\"https:\/\/indicenicaragua.edu.ni\/repositorios\/2021\/09\/03\/estrategia-para-innovar-la-expresion-escrita-a-traves-del-modelo-de-aprendizaje-por-esquemas\/\" target=\"_self\" rel=\"bookmark\">Estrategia para innovar la expresi\u00f3n escrita a trav\u00e9s del modelo de aprendizaje por esquemas.<\/a>\r\n\t\t<span class=\"read-it-later bookmark-item\"  data-title=\"Leer m\u00e1s Tarde\" data-bookmarkid=\"2206\"><i class=\"rbi rbi-bookmark\" aria-hidden=\"true\"><\/i><\/span>\r\n\t<\/h3><\/div>\r\n\t\t\t                <p class=\"entry-summary\">Leer art\u00edculo completo                        <span class=\"summary-dot\">...<\/span><\/p>\r\n\t\t\t\t\t\t<div class=\"p-footer\">\r\n\t\t\t\t        <a class=\"btn p-link\" aria-label=\"Estrategia para innovar la expresi\u00f3n escrita a trav\u00e9s del modelo de aprendizaje por esquemas.\" href=\"https:\/\/indicenicaragua.edu.ni\/repositorios\/2021\/09\/03\/estrategia-para-innovar-la-expresion-escrita-a-traves-del-modelo-de-aprendizaje-por-esquemas\/\"><span>Leer m\u00e1s<\/span><i class=\"rbi rbi-arrow-right\" aria-hidden=\"true\"><\/i><\/a>\r\n\t\t\t\t\t<\/div>\r\n\t\t<\/div>\r\n\t<\/div>\t\t<\/div>\r\n\t\t<\/div>\r\n\t<\/div>\t\t<\/div>\n\t\t\t\t<\/div>\n\t\t\t\t\t<\/div>\n\t\t<\/div>\n\t\t\t\t\t\t\t<\/div>\n\t\t<\/section>\n\t\t\t\t<section class=\"elementor-section elementor-top-section elementor-element elementor-element-9d603fc elementor-section-boxed elementor-section-height-default elementor-section-height-default\" data-id=\"9d603fc\" data-element_type=\"section\">\n\t\t\t\t\t\t<div class=\"elementor-container elementor-column-gap-custom\">\n\t\t\t\t\t<div class=\"elementor-column elementor-col-100 elementor-top-column elementor-element elementor-element-a1c008b rbc-content\" data-id=\"a1c008b\" data-element_type=\"column\">\n\t\t\t<div class=\"elementor-widget-wrap elementor-element-populated\">\n\t\t\t\t\t\t\t\t<div class=\"elementor-element elementor-element-0f9cb12 elementor-widget elementor-widget-ct-list-1\" data-id=\"0f9cb12\" data-element_type=\"widget\" data-widget_type=\"ct-list-1.default\">\n\t\t\t\t<div class=\"elementor-widget-container\">\n\t\t\t\t\t<div id=\"uid_0f9cb12\" class=\"block-wrap ct-block ct-list\" data-uuid=\"uid_0f9cb12\" data-name=\"ct_list\" data-page_max=\"5\" data-page_current=\"1\" data-order=\"date_post\" data-posts_per_page=\"7\" >\r\n\t\t\t<header class=\"block-header\">\r\n\t\t\t\t\t\t\t<h2 class=\"block-title h3\">Art\u00edculos Educativos<\/h2>\r\n\t\t\t\t\t\t\t\t<\/header>\r\n\t\t\t<div class=\"content-wrap\"><div class=\"content-inner rb-row\">\r\n\t<div class=\"rb-col-m12\">        <div class=\"p-wrap p-list p-list-3 post-2244 no-avatar\">\r\n\t\t\t                <div class=\"col-left\">\r\n                    <div class=\"p-feat-holder\">\r\n                        <div class=\"p-feat\">\r\n\t\t\t\t\t\t\t        <a class=\"p-flink\" href=\"https:\/\/indicenicaragua.edu.ni\/repositorios\/2022\/07\/05\/buenas-practicas-pedagogicas-en-educacion-intercultural-bilingue-en-comunidades-indigenas-y-afrodescendientes-de-la-costa-caribe-nicaraguense\/\" aria-label=\"Buenas pr\u00e1cticas pedag\u00f3gicas en educaci\u00f3n intercultural biling\u00fce en comunidades ind\u00edgenas y afrodescendientes de la Costa Caribe nicarag\u00fcense\">\r\n            <span class=\"rb-iwrap pc-75\"><img loading=\"lazy\" decoding=\"async\" width=\"280\" height=\"210\" src=\"https:\/\/indicenicaragua.edu.ni\/repositorios\/wp-content\/uploads\/2022\/07\/Sin-titulo-2.png\" class=\"attachment-pixwell_280x210 size-pixwell_280x210 wp-post-image\" alt=\"\" \/><\/span> <\/a>\r\n\t\t                        <\/div>\r\n\t\t\t\t\t\t                    <\/div>\r\n                <\/div>\r\n\t\t\t            <div class=\"col-right\">\r\n                <div class=\"p-header\"><h2 class=\"entry-title\">        <a class=\"p-url\" href=\"https:\/\/indicenicaragua.edu.ni\/repositorios\/2022\/07\/05\/buenas-practicas-pedagogicas-en-educacion-intercultural-bilingue-en-comunidades-indigenas-y-afrodescendientes-de-la-costa-caribe-nicaraguense\/\" target=\"_self\" rel=\"bookmark\">Buenas pr\u00e1cticas pedag\u00f3gicas en educaci\u00f3n intercultural biling\u00fce en comunidades ind\u00edgenas y afrodescendientes de la Costa Caribe nicarag\u00fcense<\/a>\r\n\t\t<span class=\"read-it-later bookmark-item\"  data-title=\"Leer m\u00e1s Tarde\" data-bookmarkid=\"2244\"><i class=\"rbi rbi-bookmark\" aria-hidden=\"true\"><\/i><\/span>\r\n\t<\/h2><\/div>\r\n\t\t\t\t                <div class=\"p-footer\">\r\n\t\t\t\t\t        <a class=\"btn p-link\" aria-label=\"Buenas pr\u00e1cticas pedag\u00f3gicas en educaci\u00f3n intercultural biling\u00fce en comunidades ind\u00edgenas y afrodescendientes de la Costa Caribe nicarag\u00fcense\" href=\"https:\/\/indicenicaragua.edu.ni\/repositorios\/2022\/07\/05\/buenas-practicas-pedagogicas-en-educacion-intercultural-bilingue-en-comunidades-indigenas-y-afrodescendientes-de-la-costa-caribe-nicaraguense\/\"><span>Leer m\u00e1s<\/span><i class=\"rbi rbi-arrow-right\" aria-hidden=\"true\"><\/i><\/a>\r\n\t\t                <\/div>\r\n            <\/div>\r\n        <\/div>\r\n\t\t<\/div><div class=\"rb-col-m12\">        <div class=\"p-wrap p-list p-list-3 post-2242 no-avatar\">\r\n\t\t\t                <div class=\"col-left\">\r\n                    <div class=\"p-feat-holder\">\r\n                        <div class=\"p-feat\">\r\n\t\t\t\t\t\t\t        <a class=\"p-flink\" href=\"https:\/\/indicenicaragua.edu.ni\/repositorios\/2022\/07\/05\/la-universidad-en-el-campo-alternativa-para-la-continuidad-educativa-en-nicaragua-avances-y-desafios\/\" aria-label=\"La Universidad en el Campo: alternativa para la Continuidad Educativa en Nicaragua. Avances y desaf\u00edos\">\r\n            <span class=\"rb-iwrap pc-75\"><img loading=\"lazy\" decoding=\"async\" width=\"280\" height=\"210\" src=\"https:\/\/indicenicaragua.edu.ni\/repositorios\/wp-content\/uploads\/2022\/07\/Sin-titulo-2.png\" class=\"attachment-pixwell_280x210 size-pixwell_280x210 wp-post-image\" alt=\"\" \/><\/span> <\/a>\r\n\t\t                        <\/div>\r\n\t\t\t\t\t\t                    <\/div>\r\n                <\/div>\r\n\t\t\t            <div class=\"col-right\">\r\n                <div class=\"p-header\"><h2 class=\"entry-title\">        <a class=\"p-url\" href=\"https:\/\/indicenicaragua.edu.ni\/repositorios\/2022\/07\/05\/la-universidad-en-el-campo-alternativa-para-la-continuidad-educativa-en-nicaragua-avances-y-desafios\/\" target=\"_self\" rel=\"bookmark\">La Universidad en el Campo: alternativa para la Continuidad Educativa en Nicaragua. Avances y desaf\u00edos<\/a>\r\n\t\t<span class=\"read-it-later bookmark-item\"  data-title=\"Leer m\u00e1s Tarde\" data-bookmarkid=\"2242\"><i class=\"rbi rbi-bookmark\" aria-hidden=\"true\"><\/i><\/span>\r\n\t<\/h2><\/div>\r\n\t\t\t\t                <div class=\"p-footer\">\r\n\t\t\t\t\t        <a class=\"btn p-link\" aria-label=\"La Universidad en el Campo: alternativa para la Continuidad Educativa en Nicaragua. Avances y desaf\u00edos\" href=\"https:\/\/indicenicaragua.edu.ni\/repositorios\/2022\/07\/05\/la-universidad-en-el-campo-alternativa-para-la-continuidad-educativa-en-nicaragua-avances-y-desafios\/\"><span>Leer m\u00e1s<\/span><i class=\"rbi rbi-arrow-right\" aria-hidden=\"true\"><\/i><\/a>\r\n\t\t                <\/div>\r\n            <\/div>\r\n        <\/div>\r\n\t\t<\/div><div class=\"rb-col-m12\">        <div class=\"p-wrap p-list p-list-3 post-2240 no-avatar\">\r\n\t\t\t                <div class=\"col-left\">\r\n                    <div class=\"p-feat-holder\">\r\n                        <div class=\"p-feat\">\r\n\t\t\t\t\t\t\t        <a class=\"p-flink\" href=\"https:\/\/indicenicaragua.edu.ni\/repositorios\/2022\/07\/05\/programa-de-educacion-tecnica-en-el-campo-una-estrategia-social-para-las-familias-productoras-de-las-zonas-rurales\/\" aria-label=\"Programa de Educaci\u00f3n T\u00e9cnica en el Campo: Una estrategia social para las familias productoras de las zonas rurales\">\r\n            <span class=\"rb-iwrap pc-75\"><img loading=\"lazy\" decoding=\"async\" width=\"280\" height=\"210\" src=\"https:\/\/indicenicaragua.edu.ni\/repositorios\/wp-content\/uploads\/2022\/07\/Sin-titulo-2.png\" class=\"attachment-pixwell_280x210 size-pixwell_280x210 wp-post-image\" alt=\"\" \/><\/span> <\/a>\r\n\t\t                        <\/div>\r\n\t\t\t\t\t\t                    <\/div>\r\n                <\/div>\r\n\t\t\t            <div class=\"col-right\">\r\n                <div class=\"p-header\"><h2 class=\"entry-title\">        <a class=\"p-url\" href=\"https:\/\/indicenicaragua.edu.ni\/repositorios\/2022\/07\/05\/programa-de-educacion-tecnica-en-el-campo-una-estrategia-social-para-las-familias-productoras-de-las-zonas-rurales\/\" target=\"_self\" rel=\"bookmark\">Programa de Educaci\u00f3n T\u00e9cnica en el Campo: Una estrategia social para las familias productoras de las zonas rurales<\/a>\r\n\t\t<span class=\"read-it-later bookmark-item\"  data-title=\"Leer m\u00e1s Tarde\" data-bookmarkid=\"2240\"><i class=\"rbi rbi-bookmark\" aria-hidden=\"true\"><\/i><\/span>\r\n\t<\/h2><\/div>\r\n\t\t\t\t                <div class=\"p-footer\">\r\n\t\t\t\t\t        <a class=\"btn p-link\" aria-label=\"Programa de Educaci\u00f3n T\u00e9cnica en el Campo: Una estrategia social para las familias productoras de las zonas rurales\" href=\"https:\/\/indicenicaragua.edu.ni\/repositorios\/2022\/07\/05\/programa-de-educacion-tecnica-en-el-campo-una-estrategia-social-para-las-familias-productoras-de-las-zonas-rurales\/\"><span>Leer m\u00e1s<\/span><i class=\"rbi rbi-arrow-right\" aria-hidden=\"true\"><\/i><\/a>\r\n\t\t                <\/div>\r\n            <\/div>\r\n        <\/div>\r\n\t\t<\/div><div class=\"rb-col-m12\">        <div class=\"p-wrap p-list p-list-3 post-2238 no-avatar\">\r\n\t\t\t                <div class=\"col-left\">\r\n                    <div class=\"p-feat-holder\">\r\n                        <div class=\"p-feat\">\r\n\t\t\t\t\t\t\t        <a class=\"p-flink\" href=\"https:\/\/indicenicaragua.edu.ni\/repositorios\/2022\/07\/05\/secundaria-a-distancia-en-el-campo-en-el-campo-un-espacio-para-crecer-en-el-bien-comun-desde-la-comunidad-y-para-la-comunidad\/\" aria-label=\"Secundaria a Distancia en el Campo: en el Campo: un espacio para crecer en el bien com\u00fan desde la comunidad y para la comunidad\">\r\n            <span class=\"rb-iwrap pc-75\"><img loading=\"lazy\" decoding=\"async\" width=\"280\" height=\"210\" src=\"https:\/\/indicenicaragua.edu.ni\/repositorios\/wp-content\/uploads\/2022\/07\/Sin-titulo-2.png\" class=\"attachment-pixwell_280x210 size-pixwell_280x210 wp-post-image\" alt=\"\" \/><\/span> <\/a>\r\n\t\t                        <\/div>\r\n\t\t\t\t\t\t                    <\/div>\r\n                <\/div>\r\n\t\t\t            <div class=\"col-right\">\r\n                <div class=\"p-header\"><h2 class=\"entry-title\">        <a class=\"p-url\" href=\"https:\/\/indicenicaragua.edu.ni\/repositorios\/2022\/07\/05\/secundaria-a-distancia-en-el-campo-en-el-campo-un-espacio-para-crecer-en-el-bien-comun-desde-la-comunidad-y-para-la-comunidad\/\" target=\"_self\" rel=\"bookmark\">Secundaria a Distancia en el Campo: en el Campo: un espacio para crecer en el bien com\u00fan desde la comunidad y para la comunidad<\/a>\r\n\t\t<span class=\"read-it-later bookmark-item\"  data-title=\"Leer m\u00e1s Tarde\" data-bookmarkid=\"2238\"><i class=\"rbi rbi-bookmark\" aria-hidden=\"true\"><\/i><\/span>\r\n\t<\/h2><\/div>\r\n\t\t\t\t                <div class=\"p-footer\">\r\n\t\t\t\t\t        <a class=\"btn p-link\" aria-label=\"Secundaria a Distancia en el Campo: en el Campo: un espacio para crecer en el bien com\u00fan desde la comunidad y para la comunidad\" href=\"https:\/\/indicenicaragua.edu.ni\/repositorios\/2022\/07\/05\/secundaria-a-distancia-en-el-campo-en-el-campo-un-espacio-para-crecer-en-el-bien-comun-desde-la-comunidad-y-para-la-comunidad\/\"><span>Leer m\u00e1s<\/span><i class=\"rbi rbi-arrow-right\" aria-hidden=\"true\"><\/i><\/a>\r\n\t\t                <\/div>\r\n            <\/div>\r\n        <\/div>\r\n\t\t<\/div><div class=\"rb-col-m12\">        <div class=\"p-wrap p-list p-list-3 post-2236 no-avatar\">\r\n\t\t\t                <div class=\"col-left\">\r\n                    <div class=\"p-feat-holder\">\r\n                        <div class=\"p-feat\">\r\n\t\t\t\t\t\t\t        <a class=\"p-flink\" href=\"https:\/\/indicenicaragua.edu.ni\/repositorios\/2022\/07\/05\/transformacion-evolutiva-en-la-formacion-docente-del-tecnologico-nacional\/\" aria-label=\"Transformaci\u00f3n evolutiva en la formaci\u00f3n docente del Tecnol\u00f3gico Nacional\">\r\n            <span class=\"rb-iwrap pc-75\"><img loading=\"lazy\" decoding=\"async\" width=\"280\" height=\"210\" src=\"https:\/\/indicenicaragua.edu.ni\/repositorios\/wp-content\/uploads\/2022\/07\/Sin-titulo-2.png\" class=\"attachment-pixwell_280x210 size-pixwell_280x210 wp-post-image\" alt=\"\" \/><\/span> <\/a>\r\n\t\t                        <\/div>\r\n\t\t\t\t\t\t                    <\/div>\r\n                <\/div>\r\n\t\t\t            <div class=\"col-right\">\r\n                <div class=\"p-header\"><h2 class=\"entry-title\">        <a class=\"p-url\" href=\"https:\/\/indicenicaragua.edu.ni\/repositorios\/2022\/07\/05\/transformacion-evolutiva-en-la-formacion-docente-del-tecnologico-nacional\/\" target=\"_self\" rel=\"bookmark\">Transformaci\u00f3n evolutiva en la formaci\u00f3n docente del Tecnol\u00f3gico Nacional<\/a>\r\n\t\t<span class=\"read-it-later bookmark-item\"  data-title=\"Leer m\u00e1s Tarde\" data-bookmarkid=\"2236\"><i class=\"rbi rbi-bookmark\" aria-hidden=\"true\"><\/i><\/span>\r\n\t<\/h2><\/div>\r\n\t\t\t\t                <div class=\"p-footer\">\r\n\t\t\t\t\t        <a class=\"btn p-link\" aria-label=\"Transformaci\u00f3n evolutiva en la formaci\u00f3n docente del Tecnol\u00f3gico Nacional\" href=\"https:\/\/indicenicaragua.edu.ni\/repositorios\/2022\/07\/05\/transformacion-evolutiva-en-la-formacion-docente-del-tecnologico-nacional\/\"><span>Leer m\u00e1s<\/span><i class=\"rbi rbi-arrow-right\" aria-hidden=\"true\"><\/i><\/a>\r\n\t\t                <\/div>\r\n            <\/div>\r\n        <\/div>\r\n\t\t<\/div><div class=\"rb-col-m12\">        <div class=\"p-wrap p-list p-list-3 post-2234 no-avatar\">\r\n\t\t\t                <div class=\"col-left\">\r\n                    <div class=\"p-feat-holder\">\r\n                        <div class=\"p-feat\">\r\n\t\t\t\t\t\t\t        <a class=\"p-flink\" href=\"https:\/\/indicenicaragua.edu.ni\/repositorios\/2022\/07\/05\/pertinencia-y-calidad-de-la-educacion-superior-la-educacion-superior-perspectiva-de-los-pueblos-perspectiva-de-los-pueblos-indigenas-y-afrodescendientes\/\" aria-label=\"Pertinencia y calidad de la educaci\u00f3n superior: la educaci\u00f3n superior: perspectiva de los pueblos perspectiva de los pueblos ind\u00edgenas y afrodescendientes\">\r\n            <span class=\"rb-iwrap pc-75\"><img loading=\"lazy\" decoding=\"async\" width=\"280\" height=\"210\" src=\"https:\/\/indicenicaragua.edu.ni\/repositorios\/wp-content\/uploads\/2022\/07\/Sin-titulo-2.png\" class=\"attachment-pixwell_280x210 size-pixwell_280x210 wp-post-image\" alt=\"\" \/><\/span> <\/a>\r\n\t\t                        <\/div>\r\n\t\t\t\t\t\t                    <\/div>\r\n                <\/div>\r\n\t\t\t            <div class=\"col-right\">\r\n                <div class=\"p-header\"><h2 class=\"entry-title\">        <a class=\"p-url\" href=\"https:\/\/indicenicaragua.edu.ni\/repositorios\/2022\/07\/05\/pertinencia-y-calidad-de-la-educacion-superior-la-educacion-superior-perspectiva-de-los-pueblos-perspectiva-de-los-pueblos-indigenas-y-afrodescendientes\/\" target=\"_self\" rel=\"bookmark\">Pertinencia y calidad de la educaci\u00f3n superior: la educaci\u00f3n superior: perspectiva de los pueblos perspectiva de los pueblos ind\u00edgenas y afrodescendientes<\/a>\r\n\t\t<span class=\"read-it-later bookmark-item\"  data-title=\"Leer m\u00e1s Tarde\" data-bookmarkid=\"2234\"><i class=\"rbi rbi-bookmark\" aria-hidden=\"true\"><\/i><\/span>\r\n\t<\/h2><\/div>\r\n\t\t\t\t                <div class=\"p-footer\">\r\n\t\t\t\t\t        <a class=\"btn p-link\" aria-label=\"Pertinencia y calidad de la educaci\u00f3n superior: la educaci\u00f3n superior: perspectiva de los pueblos perspectiva de los pueblos ind\u00edgenas y afrodescendientes\" href=\"https:\/\/indicenicaragua.edu.ni\/repositorios\/2022\/07\/05\/pertinencia-y-calidad-de-la-educacion-superior-la-educacion-superior-perspectiva-de-los-pueblos-perspectiva-de-los-pueblos-indigenas-y-afrodescendientes\/\"><span>Leer m\u00e1s<\/span><i class=\"rbi rbi-arrow-right\" aria-hidden=\"true\"><\/i><\/a>\r\n\t\t                <\/div>\r\n            <\/div>\r\n        <\/div>\r\n\t\t<\/div><div class=\"rb-col-m12\">        <div class=\"p-wrap p-list p-list-3 post-2231 no-avatar\">\r\n\t\t\t                <div class=\"col-left\">\r\n                    <div class=\"p-feat-holder\">\r\n                        <div class=\"p-feat\">\r\n\t\t\t\t\t\t\t        <a class=\"p-flink\" href=\"https:\/\/indicenicaragua.edu.ni\/repositorios\/2022\/07\/05\/transformacion-evolutiva-de-la-educacion-tecnica-y-formacion-profesional-en-nicaragua-2007-2020\/\" aria-label=\"Transformaci\u00f3n evolutiva de la educaci\u00f3n t\u00e9cnica y formaci\u00f3n profesional en Nicaragua (2007-2020)\">\r\n            <span class=\"rb-iwrap pc-75\"><img loading=\"lazy\" decoding=\"async\" width=\"280\" height=\"210\" src=\"https:\/\/indicenicaragua.edu.ni\/repositorios\/wp-content\/uploads\/2022\/07\/Sin-titulo-2.png\" class=\"attachment-pixwell_280x210 size-pixwell_280x210 wp-post-image\" alt=\"\" \/><\/span> <\/a>\r\n\t\t                        <\/div>\r\n\t\t\t\t\t\t                    <\/div>\r\n                <\/div>\r\n\t\t\t            <div class=\"col-right\">\r\n                <div class=\"p-header\"><h2 class=\"entry-title\">        <a class=\"p-url\" href=\"https:\/\/indicenicaragua.edu.ni\/repositorios\/2022\/07\/05\/transformacion-evolutiva-de-la-educacion-tecnica-y-formacion-profesional-en-nicaragua-2007-2020\/\" target=\"_self\" rel=\"bookmark\">Transformaci\u00f3n evolutiva de la educaci\u00f3n t\u00e9cnica y formaci\u00f3n profesional en Nicaragua (2007-2020)<\/a>\r\n\t\t<span class=\"read-it-later bookmark-item\"  data-title=\"Leer m\u00e1s Tarde\" data-bookmarkid=\"2231\"><i class=\"rbi rbi-bookmark\" aria-hidden=\"true\"><\/i><\/span>\r\n\t<\/h2><\/div>\r\n\t\t\t\t                <div class=\"p-footer\">\r\n\t\t\t\t\t        <a class=\"btn p-link\" aria-label=\"Transformaci\u00f3n evolutiva de la educaci\u00f3n t\u00e9cnica y formaci\u00f3n profesional en Nicaragua (2007-2020)\" href=\"https:\/\/indicenicaragua.edu.ni\/repositorios\/2022\/07\/05\/transformacion-evolutiva-de-la-educacion-tecnica-y-formacion-profesional-en-nicaragua-2007-2020\/\"><span>Leer m\u00e1s<\/span><i class=\"rbi rbi-arrow-right\" aria-hidden=\"true\"><\/i><\/a>\r\n\t\t                <\/div>\r\n            <\/div>\r\n        <\/div>\r\n\t\t<\/div>\t\t<\/div>\r\n\t\t<\/div>\r\n\t        <div class=\"pagination-wrap pagination-loadmore clearfix\">\r\n            <a href=\"#\" class=\"loadmore-link\" aria-label=\"Carga M\u00e1s\"><span>Carga M\u00e1s<\/span><\/a>\r\n            <span class=\"loadmore-animation\"><\/span>\r\n        <\/div>\r\n        <\/div>\t\t<\/div>\n\t\t\t\t<\/div>\n\t\t\t\t\t<\/div>\n\t\t<\/div>\n\t\t\t\t\t\t\t<\/div>\n\t\t<\/section>\n\t\t\t\t\t\t\t<\/div>\n\t\t","protected":false},"excerpt":{"rendered":"<p>editar Sin categor\u00eda Buenas pr\u00e1cticas pedag\u00f3gicas en educaci\u00f3n intercultural biling\u00fce en comunidades ind\u00edgenas y afrodescendientes de la Costa Caribe nicarag\u00fcense Publicado por por mode 1 a\u00f1o Hace Buenas pr\u00e1cticas pedag\u00f3gicas en educaci\u00f3n intercultural biling\u00fce en comunidades ind\u00edgenas y afrodescendientes de la Costa Caribe nicarag\u00fcense editar Sin categor\u00eda La Universidad en el Campo: alternativa para la [&hellip;]<\/p>\n","protected":false},"author":1,"featured_media":0,"parent":0,"menu_order":0,"comment_status":"closed","ping_status":"closed","template":"elementor_header_footer","meta":{"content-type":"","footnotes":""},"class_list":["post-551","page","type-page","status-publish"],"_links":{"self":[{"href":"https:\/\/indicenicaragua.edu.ni\/repositorios\/wp-json\/wp\/v2\/pages\/551","targetHints":{"allow":["GET"]}}],"collection":[{"href":"https:\/\/indicenicaragua.edu.ni\/repositorios\/wp-json\/wp\/v2\/pages"}],"about":[{"href":"https:\/\/indicenicaragua.edu.ni\/repositorios\/wp-json\/wp\/v2\/types\/page"}],"author":[{"embeddable":true,"href":"https:\/\/indicenicaragua.edu.ni\/repositorios\/wp-json\/wp\/v2\/users\/1"}],"replies":[{"embeddable":true,"href":"https:\/\/indicenicaragua.edu.ni\/repositorios\/wp-json\/wp\/v2\/comments?post=551"}],"version-history":[{"count":23,"href":"https:\/\/indicenicaragua.edu.ni\/repositorios\/wp-json\/wp\/v2\/pages\/551\/revisions"}],"predecessor-version":[{"id":2298,"href":"https:\/\/indicenicaragua.edu.ni\/repositorios\/wp-json\/wp\/v2\/pages\/551\/revisions\/2298"}],"wp:attachment":[{"href":"https:\/\/indicenicaragua.edu.ni\/repositorios\/wp-json\/wp\/v2\/media?parent=551"}],"curies":[{"name":"wp","href":"https:\/\/api.w.org\/{rel}","templated":true}]}}